{"id":243,"date":"2023-04-18T13:58:54","date_gmt":"2023-04-18T11:58:54","guid":{"rendered":"http:\/\/les-petites-lucioles.fr\/?page_id=243"},"modified":"2025-06-22T12:07:44","modified_gmt":"2025-06-22T10:07:44","slug":"notre-equipe","status":"publish","type":"page","link":"https:\/\/les-petites-lucioles.fr\/index.php\/notre-equipe\/","title":{"rendered":""},"content":{"rendered":"\t\t<div data-elementor-type=\"wp-page\" data-elementor-id=\"243\" class=\"elementor elementor-243\">\n\t\t\t\t\t\t<section class=\"elementor-section elementor-top-section elementor-element elementor-element-5f48e705 elementor-section-content-middle elementor-section-boxed elementor-section-height-default elementor-section-height-default\" data-id=\"5f48e705\" data-element_type=\"section\">\n\t\t\t\t\t\t\t<div class=\"elementor-background-overlay\"><\/div>\n\t\t\t\t\t\t\t<div class=\"elementor-container elementor-column-gap-no\">\n\t\t\t\t\t<div class=\"elementor-column elementor-col-100 elementor-top-column elementor-element elementor-element-6186fb31\" data-id=\"6186fb31\" data-element_type=\"column\">\n\t\t\t<div class=\"elementor-widget-wrap elementor-element-populated\">\n\t\t\t\t\t\t<div class=\"elementor-element elementor-element-3431e76c elementor-widget elementor-widget-heading\" data-id=\"3431e76c\" data-element_type=\"widget\" data-widget_type=\"heading.default\">\n\t\t\t\t<div class=\"elementor-widget-container\">\n\t\t\t\t\t<h4 class=\"elementor-heading-title elementor-size-default\">L'\u00e9quipe des lucioles <\/h4>\t\t\t\t<\/div>\n\t\t\t\t<\/div>\n\t\t\t\t<section class=\"elementor-section elementor-inner-section elementor-element elementor-element-1804a161 elementor-section-boxed elementor-section-height-default elementor-section-height-default\" data-id=\"1804a161\" data-element_type=\"section\">\n\t\t\t\t\t\t\t<div class=\"elementor-background-overlay\"><\/div>\n\t\t\t\t\t\t\t<div class=\"elementor-container elementor-column-gap-default\">\n\t\t\t\t\t<div class=\"elementor-column elementor-col-50 elementor-inner-column elementor-element elementor-element-1ba6cba0\" data-id=\"1ba6cba0\" data-element_type=\"column\">\n\t\t\t<div class=\"elementor-widget-wrap elementor-element-populated\">\n\t\t\t\t\t\t<div class=\"elementor-element elementor-element-35e3c29b elementor-position-top elementor-widget elementor-widget-image-box\" data-id=\"35e3c29b\" data-element_type=\"widget\" data-widget_type=\"image-box.default\">\n\t\t\t\t<div class=\"elementor-widget-container\">\n\t\t\t\t\t<div class=\"elementor-image-box-wrapper\"><figure class=\"elementor-image-box-img\"><img decoding=\"async\" width=\"150\" height=\"150\" src=\"https:\/\/les-petites-lucioles.fr\/wp-content\/uploads\/2023\/06\/LogoPFichier-2-150x150.png\" class=\"elementor-animation-grow attachment-thumbnail size-thumbnail wp-image-617\" alt=\"\" srcset=\"https:\/\/les-petites-lucioles.fr\/wp-content\/uploads\/2023\/06\/LogoPFichier-2-150x150.png 150w, https:\/\/les-petites-lucioles.fr\/wp-content\/uploads\/2023\/06\/LogoPFichier-2-300x300.png 300w, https:\/\/les-petites-lucioles.fr\/wp-content\/uploads\/2023\/06\/LogoPFichier-2.png 383w\" sizes=\"(max-width: 150px) 100vw, 150px\" \/><\/figure><div class=\"elementor-image-box-content\"><p class=\"elementor-image-box-title\"><h3 data-elementor-setting-key=\"title_text\" data-elementor-inline-editing-toolbar=\"none\" data-pen-placeholder=\"\u00c9crivez ici...\" style=\"outline-color: currentcolor; outline-style: none;\"><span style=\"font-family: var( --e-global-typography-primary-font-family ), Sans-serif; font-size: 35px; font-weight: 900;\">Val\u00e9rie<\/span><span style=\"font-family: var( --e-global-typography-primary-font-family ), Sans-serif; font-size: 35px; font-weight: 900;\"><\/span><br><\/h3><\/p><p class=\"elementor-image-box-description\">AuXILIAIRE DE CR\u00e8che<\/p><\/div><\/div>\t\t\t\t<\/div>\n\t\t\t\t<\/div>\n\t\t\t\t<div class=\"elementor-element elementor-element-8f55006 elementor-widget elementor-widget-text-editor\" data-id=\"8f55006\" data-element_type=\"widget\" data-widget_type=\"text-editor.default\">\n\t\t\t\t<div class=\"elementor-widget-container\">\n\t\t\t\t\t\t\t\t\t<p>\u00ab\u00a0Je travaille dans la petite enfance depuis 2006, dans un premier temps \u00e0 mon domicile,<br \/>ensuite en Maison d&rsquo;Assistante Maternelle (MAM) puis en cr\u00e8che. Je suis dynamique, volontaire, courageuse ainsi qu&rsquo;\u00e0 l&rsquo;\u00e9coute et j&rsquo;aime apporter et partager mon savoir faire.<\/p><p>Depuis toutes ces ann\u00e9es dans le monde de la petite enfance, les enfants et les parents m&rsquo;ont beaucoup apport\u00e9 sur le plan professionnel et humain. Le travail, l&rsquo;organisation, le partage, la confiance, la responsabilit\u00e9 sont des \u00e9l\u00e9ments essentiels pour<br \/>exercer dans la petite enfance.\u00a0\u00bb<\/p>\t\t\t\t\t\t\t\t<\/div>\n\t\t\t\t<\/div>\n\t\t\t\t\t<\/div>\n\t\t<\/div>\n\t\t\t\t<div class=\"elementor-column elementor-col-50 elementor-inner-column elementor-element elementor-element-574bd4f1\" data-id=\"574bd4f1\" data-element_type=\"column\" data-settings=\"{&quot;background_background&quot;:&quot;slideshow&quot;,&quot;background_slideshow_gallery&quot;:[],&quot;background_slideshow_loop&quot;:&quot;yes&quot;,&quot;background_slideshow_slide_duration&quot;:5000,&quot;background_slideshow_slide_transition&quot;:&quot;fade&quot;,&quot;background_slideshow_transition_duration&quot;:500}\">\n\t\t\t<div class=\"elementor-widget-wrap elementor-element-populated\">\n\t\t\t\t\t\t<div class=\"elementor-element elementor-element-3114a4a5 elementor-position-top elementor-widget elementor-widget-image-box\" data-id=\"3114a4a5\" data-element_type=\"widget\" data-widget_type=\"image-box.default\">\n\t\t\t\t<div class=\"elementor-widget-container\">\n\t\t\t\t\t<div class=\"elementor-image-box-wrapper\"><figure class=\"elementor-image-box-img\"><img decoding=\"async\" width=\"150\" height=\"150\" src=\"https:\/\/les-petites-lucioles.fr\/wp-content\/uploads\/2023\/06\/LogoPFichier-1-150x150.png\" class=\"elementor-animation-grow attachment-thumbnail size-thumbnail wp-image-616\" alt=\"\" srcset=\"https:\/\/les-petites-lucioles.fr\/wp-content\/uploads\/2023\/06\/LogoPFichier-1-150x150.png 150w, https:\/\/les-petites-lucioles.fr\/wp-content\/uploads\/2023\/06\/LogoPFichier-1-300x300.png 300w, https:\/\/les-petites-lucioles.fr\/wp-content\/uploads\/2023\/06\/LogoPFichier-1.png 383w\" sizes=\"(max-width: 150px) 100vw, 150px\" \/><\/figure><div class=\"elementor-image-box-content\"><h3 class=\"elementor-image-box-title\">Prescilia<\/h3><p class=\"elementor-image-box-description\"> EDUCATRICE DE JEUNES ENFANTS<\/p><\/div><\/div>\t\t\t\t<\/div>\n\t\t\t\t<\/div>\n\t\t\t\t<div class=\"elementor-element elementor-element-bc5ca92 elementor-widget elementor-widget-text-editor\" data-id=\"bc5ca92\" data-element_type=\"widget\" data-widget_type=\"text-editor.default\">\n\t\t\t\t<div class=\"elementor-widget-container\">\n\t\t\t\t\t\t\t\t\t<div>\u00ab\u00a0Passionn\u00e9e depuis toujours par la petite enfance, je suis entr\u00e9e en formation d\u2019\u00e9ducateurs de jeunes enfants en septembre 2017.<\/div><div>\u00a0<\/div><div><p>Par le pass\u00e9, j&rsquo;ai travaill\u00e9 en cr\u00e8che puis en Institut d\u2019Education Motrice (IEM) o\u00f9 j\u2019ai accompagn\u00e9 des jeunes en situation de handicap avec notamment des troubles du comportement.\u00a0<\/p><\/div><div><p>J\u2019ai \u00e0 c\u0153ur de permettre aux enfants que j\u2019accompagne d\u2019\u00e9voluer \u00e0 leur rythme. Je m\u2019appuie sur mes observations au quotidien afin de m\u2019adapter et d\u2019accompagner au mieux chacun d\u2019entre eux. Mon travail ne se limite pas \u00e0 l\u2019accueil des enfants, je suis particuli\u00e8rement attach\u00e9e \u00e0 l\u2019accompagnement \u00e0 la parentalit\u00e9 et veille \u00e0 accorder une place aux parents au sein de la structure o\u00f9 j\u2019\u00e9volue professionnellement\u00a0\u00bb<\/p><\/div>\t\t\t\t\t\t\t\t<\/div>\n\t\t\t\t<\/div>\n\t\t\t\t\t<\/div>\n\t\t<\/div>\n\t\t\t\t\t<\/div>\n\t\t<\/section>\n\t\t\t\t<section class=\"elementor-section elementor-inner-section elementor-element elementor-element-a3a87bf elementor-section-boxed elementor-section-height-default elementor-section-height-default\" data-id=\"a3a87bf\" data-element_type=\"section\">\n\t\t\t\t\t\t\t<div class=\"elementor-background-overlay\"><\/div>\n\t\t\t\t\t\t\t<div class=\"elementor-container elementor-column-gap-default\">\n\t\t\t\t\t<div class=\"elementor-column elementor-col-50 elementor-inner-column elementor-element elementor-element-f94f245\" data-id=\"f94f245\" data-element_type=\"column\">\n\t\t\t<div class=\"elementor-widget-wrap elementor-element-populated\">\n\t\t\t\t\t\t<div class=\"elementor-element elementor-element-55e4d68 elementor-position-top elementor-widget elementor-widget-image-box\" data-id=\"55e4d68\" data-element_type=\"widget\" data-widget_type=\"image-box.default\">\n\t\t\t\t<div class=\"elementor-widget-container\">\n\t\t\t\t\t<div class=\"elementor-image-box-wrapper\"><figure class=\"elementor-image-box-img\"><img decoding=\"async\" width=\"150\" height=\"150\" src=\"https:\/\/les-petites-lucioles.fr\/wp-content\/uploads\/2023\/06\/LogoPFichier-2-150x150.png\" class=\"elementor-animation-grow attachment-thumbnail size-thumbnail wp-image-617\" alt=\"\" srcset=\"https:\/\/les-petites-lucioles.fr\/wp-content\/uploads\/2023\/06\/LogoPFichier-2-150x150.png 150w, https:\/\/les-petites-lucioles.fr\/wp-content\/uploads\/2023\/06\/LogoPFichier-2-300x300.png 300w, https:\/\/les-petites-lucioles.fr\/wp-content\/uploads\/2023\/06\/LogoPFichier-2.png 383w\" sizes=\"(max-width: 150px) 100vw, 150px\" \/><\/figure><div class=\"elementor-image-box-content\"><p class=\"elementor-image-box-title\">Haby<\/p><p class=\"elementor-image-box-description\">AuXILIAIRE DE CR\u00e8che<\/p><\/div><\/div>\t\t\t\t<\/div>\n\t\t\t\t<\/div>\n\t\t\t\t<div class=\"elementor-element elementor-element-7abedc5 elementor-widget elementor-widget-text-editor\" data-id=\"7abedc5\" data-element_type=\"widget\" data-widget_type=\"text-editor.default\">\n\t\t\t\t<div class=\"elementor-widget-container\">\n\t\t\t\t\t\t\t\t\t<p>Actuellement en cours de formation du CAP AEPE en alternance.<\/p><p>Je suis passionn\u00e9e par le domaine de la petite enfance. Mon parcours est riche en exp\u00e9riences vari\u00e9es et formatrices dans la garde d&rsquo;enfants. J\u2019ai eu l&rsquo;opportinut\u00e9 d&rsquo;effectuer un stage au sein d\u2019une cr\u00e8che, une exp\u00e9rience particuli\u00e8rement enrichissante.<\/p><p>Ces diverses exp\u00e9riences m\u2019ont permis de d\u00e9velopper des qualit\u00e9s essentielles telles que la patience, l\u2019\u00e9coute et la cr\u00e9ativit\u00e9, des comp\u00e9tences que je m&rsquo;efforce de mettre \u00e0 profit chaque jour pour accompagner les enfants dans leur d\u00e9veloppement et leur \u00e9veil.<\/p><p>Mon envie de travailler en cr\u00e8che vient de mon d\u00e9sir d\u2019\u00eatre une v\u00e9ritable ressource pour les familles, tout en participant activement \u00e0 la croissance et au bien-\u00eatre des enfants. J&rsquo;attache \u00e9galement une grande importance au travail en \u00e9quipe, car je crois fermement qu&rsquo;une collaboration entre professionnels est primordiale pour offrir un environnement \u00e0 la fois s\u00e9curis\u00e9 et bienveillant aux tout-petits.\u00a0\u00bb<\/p>\t\t\t\t\t\t\t\t<\/div>\n\t\t\t\t<\/div>\n\t\t\t\t\t<\/div>\n\t\t<\/div>\n\t\t\t\t<div class=\"elementor-column elementor-col-50 elementor-inner-column elementor-element elementor-element-e5d6bb8\" data-id=\"e5d6bb8\" data-element_type=\"column\" data-settings=\"{&quot;background_background&quot;:&quot;slideshow&quot;,&quot;background_slideshow_gallery&quot;:[],&quot;background_slideshow_loop&quot;:&quot;yes&quot;,&quot;background_slideshow_slide_duration&quot;:5000,&quot;background_slideshow_slide_transition&quot;:&quot;fade&quot;,&quot;background_slideshow_transition_duration&quot;:500}\">\n\t\t\t<div class=\"elementor-widget-wrap elementor-element-populated\">\n\t\t\t\t\t\t<div class=\"elementor-element elementor-element-5ef3eb0 elementor-position-top elementor-widget elementor-widget-image-box\" data-id=\"5ef3eb0\" data-element_type=\"widget\" data-widget_type=\"image-box.default\">\n\t\t\t\t<div class=\"elementor-widget-container\">\n\t\t\t\t\t<div class=\"elementor-image-box-wrapper\"><figure class=\"elementor-image-box-img\"><img decoding=\"async\" width=\"150\" height=\"150\" src=\"https:\/\/les-petites-lucioles.fr\/wp-content\/uploads\/2023\/06\/LogoPFichier-2-150x150.png\" class=\"elementor-animation-grow attachment-thumbnail size-thumbnail wp-image-617\" alt=\"\" srcset=\"https:\/\/les-petites-lucioles.fr\/wp-content\/uploads\/2023\/06\/LogoPFichier-2-150x150.png 150w, https:\/\/les-petites-lucioles.fr\/wp-content\/uploads\/2023\/06\/LogoPFichier-2-300x300.png 300w, https:\/\/les-petites-lucioles.fr\/wp-content\/uploads\/2023\/06\/LogoPFichier-2.png 383w\" sizes=\"(max-width: 150px) 100vw, 150px\" \/><\/figure><div class=\"elementor-image-box-content\"><h3 class=\"elementor-image-box-title\">Lucie<\/h3><p class=\"elementor-image-box-description\">AUXILIAIRE DE CR\u00c8CHE<\/p><\/div><\/div>\t\t\t\t<\/div>\n\t\t\t\t<\/div>\n\t\t\t\t<div class=\"elementor-element elementor-element-bfaad65 elementor-widget elementor-widget-text-editor\" data-id=\"bfaad65\" data-element_type=\"widget\" data-widget_type=\"text-editor.default\">\n\t\t\t\t<div class=\"elementor-widget-container\">\n\t\t\t\t\t\t\t\t\t<div><p>\u00ab\u00a0Anciennement responsable de secteur dans l\u2019aide \u00e0 domicile, j&rsquo;ai d\u00e9cid\u00e9 de suivre ma v\u00e9ritable vocation en me r\u00e9orientant dans le domaine de la petite enfance. Ce choix s\u2019est impos\u00e9 naturellement, car d\u00e8s mon enfance, j\u2019ai toujours \u00e9t\u00e9 proche des enfants, notamment gr\u00e2ce \u00e0 ma m\u00e8re, assistante maternelle, qui m&rsquo;a transmis cette passion. J&rsquo;ai \u00e9galement eu la chance de grandir dans un environnement familial entour\u00e9 de jeunes enfants, ce qui a nourri mon d\u00e9sir de m&rsquo;engager pleinement dans leur accompagnement.<\/p>\n<p>En tant qu&rsquo;alternante, j&rsquo;ai aujourd&rsquo;hui l&rsquo;opportunit\u00e9 de me former tout en \u00e9tant sur le terrain. Chaque jour, je prends \u00e0 c\u0153ur d&rsquo;apprendre et de perfectionner mes comp\u00e9tences pour contribuer au bien-\u00eatre des enfants, en m&rsquo;assurant qu\u2019ils grandissent dans un cadre s\u00e9curis\u00e9, bienveillant et stimulant.<\/p>\n<p>Mon objectif est d\u2019accompagner chaque enfant dans son d\u00e9veloppement, tout en respectant son rythme et ses besoins sp\u00e9cifiques, afin de le voir s\u2019\u00e9panouir pleinement au quotidien. Je suis \u00e9galement convaincue que la relation de confiance entre les professionnels de la cr\u00e8che et les parents est essentielle pour le bien-\u00eatre des tout-petits. C&rsquo;est pourquoi je suis toujours \u00e0 l&rsquo;\u00e9coute et disponible pour \u00e9changer avec les familles.\u00a0\u00bb<\/p><\/div>\t\t\t\t\t\t\t\t<\/div>\n\t\t\t\t<\/div>\n\t\t\t\t\t<\/div>\n\t\t<\/div>\n\t\t\t\t\t<\/div>\n\t\t<\/section>\n\t\t\t\t\t<\/div>\n\t\t<\/div>\n\t\t\t\t\t<\/div>\n\t\t<\/section>\n\t\t\t\t<section class=\"elementor-section elementor-top-section elementor-element elementor-element-dcb1c5c elementor-section-boxed elementor-section-height-default elementor-section-height-default\" data-id=\"dcb1c5c\" data-element_type=\"section\">\n\t\t\t\t\t\t<div class=\"elementor-container elementor-column-gap-default\">\n\t\t\t\t\t<div class=\"elementor-column elementor-col-100 elementor-top-column elementor-element elementor-element-77e8174\" data-id=\"77e8174\" data-element_type=\"column\">\n\t\t\t<div class=\"elementor-widget-wrap elementor-element-populated\">\n\t\t\t\t\t\t<div class=\"elementor-element elementor-element-807e6ac elementor-align-right elementor-fixed elementor-invisible elementor-widget elementor-widget-button\" data-id=\"807e6ac\" data-element_type=\"widget\" data-settings=\"{&quot;_position&quot;:&quot;fixed&quot;,&quot;_animation&quot;:&quot;fadeIn&quot;,&quot;_animation_delay&quot;:2000}\" data-widget_type=\"button.default\">\n\t\t\t\t<div class=\"elementor-widget-container\">\n\t\t\t\t\t\t\t\t\t<div class=\"elementor-button-wrapper\">\n\t\t\t\t\t<a class=\"elementor-button elementor-button-link elementor-size-xs\" href=\"https:\/\/lespetiteslucioles.gertrude-logiciel.org\/preinscription\">\n\t\t\t\t\t\t<span class=\"elementor-button-content-wrapper\">\n\t\t\t\t\t\t\t\t\t<span class=\"elementor-button-text\">Pr\u00e9-inscrire votre enfant <\/span>\n\t\t\t\t\t<\/span>\n\t\t\t\t\t<\/a>\n\t\t\t\t<\/div>\n\t\t\t\t\t\t\t\t<\/div>\n\t\t\t\t<\/div>\n\t\t\t\t\t<\/div>\n\t\t<\/div>\n\t\t\t\t\t<\/div>\n\t\t<\/section>\n\t\t\t\t<footer class=\"elementor-section elementor-top-section elementor-element elementor-element-4bfb2d0 elementor-section-boxed elementor-section-height-default elementor-section-height-default\" data-id=\"4bfb2d0\" data-element_type=\"section\" data-settings=\"{&quot;background_background&quot;:&quot;gradient&quot;}\">\n\t\t\t\t\t\t<div class=\"elementor-container elementor-column-gap-default\">\n\t\t\t\t\t<div class=\"elementor-column elementor-col-100 elementor-top-column elementor-element elementor-element-6ab03f6\" data-id=\"6ab03f6\" data-element_type=\"column\">\n\t\t\t<div class=\"elementor-widget-wrap elementor-element-populated\">\n\t\t\t\t\t\t<div class=\"elementor-element elementor-element-c70160d elementor-widget elementor-widget-text-editor\" data-id=\"c70160d\" data-element_type=\"widget\" data-widget_type=\"text-editor.default\">\n\t\t\t\t<div class=\"elementor-widget-container\">\n\t\t\t\t\t\t\t\t\tSCI LES PETITES LUCIOLES &#8211; Tous droits r\u00e9serv\u00e9s &#8211;\u00a0<a style=\"font-family: var( --e-global-typography-text-font-family ), Sans-serif; font-size: 1rem;\" href=\"https:\/\/les-petites-lucioles.fr\/index.php\/mention-legale\/\" rel=\"noopener\">Mentions l\u00e9gales<\/a>\t\t\t\t\t\t\t\t<\/div>\n\t\t\t\t<\/div>\n\t\t\t\t\t<\/div>\n\t\t<\/div>\n\t\t\t\t\t<\/div>\n\t\t<\/footer>\n\t\t\t\t<\/div>\n\t\t","protected":false},"excerpt":{"rendered":"<p>L&rsquo;\u00e9quipe des lucioles Val\u00e9rie AuXILIAIRE DE CR\u00e8che \u00ab\u00a0Je travaille dans la petite enfance depuis 2006, dans un premier temps \u00e0 mon domicile,ensuite en Maison d&rsquo;Assistante Maternelle (MAM) puis en cr\u00e8che. Je suis dynamique, volontaire, courageuse ainsi qu&rsquo;\u00e0 l&rsquo;\u00e9coute et j&rsquo;aime apporter et partager mon savoir faire. Depuis toutes ces ann\u00e9es dans le monde de la [&hellip;]<\/p>\n","protected":false},"author":1,"featured_media":0,"parent":0,"menu_order":0,"comment_status":"closed","ping_status":"closed","template":"","meta":{"footnotes":""},"class_list":["post-243","page","type-page","status-publish","hentry"],"_links":{"self":[{"href":"https:\/\/les-petites-lucioles.fr\/index.php\/wp-json\/wp\/v2\/pages\/243","targetHints":{"allow":["GET"]}}],"collection":[{"href":"https:\/\/les-petites-lucioles.fr\/index.php\/wp-json\/wp\/v2\/pages"}],"about":[{"href":"https:\/\/les-petites-lucioles.fr\/index.php\/wp-json\/wp\/v2\/types\/page"}],"author":[{"embeddable":true,"href":"https:\/\/les-petites-lucioles.fr\/index.php\/wp-json\/wp\/v2\/users\/1"}],"replies":[{"embeddable":true,"href":"https:\/\/les-petites-lucioles.fr\/index.php\/wp-json\/wp\/v2\/comments?post=243"}],"version-history":[{"count":134,"href":"https:\/\/les-petites-lucioles.fr\/index.php\/wp-json\/wp\/v2\/pages\/243\/revisions"}],"predecessor-version":[{"id":712,"href":"https:\/\/les-petites-lucioles.fr\/index.php\/wp-json\/wp\/v2\/pages\/243\/revisions\/712"}],"wp:attachment":[{"href":"https:\/\/les-petites-lucioles.fr\/index.php\/wp-json\/wp\/v2\/media?parent=243"}],"curies":[{"name":"wp","href":"https:\/\/api.w.org\/{rel}","templated":true}]}}